{"id":52,"date":"2021-02-16T16:51:12","date_gmt":"2021-02-16T13:51:12","guid":{"rendered":"http:\/\/geylani.org\/?page_id=52"},"modified":"2021-02-26T03:17:46","modified_gmt":"2021-02-26T00:17:46","slug":"geylani-kulliyati","status":"publish","type":"page","link":"https:\/\/geylani.org\/index.php\/geylani-kulliyati\/","title":{"rendered":"Geylani K\u00fclliyat\u0131"},"content":{"rendered":"\n<figure class=\"wp-block-image size-large is-style-default\"><img loading=\"lazy\" decoding=\"async\" width=\"1024\" height=\"683\" src=\"https:\/\/geylani.org\/wp-content\/uploads\/2021\/02\/geylani2-1024x683.jpg\" alt=\"\" class=\"wp-image-184\" srcset=\"https:\/\/geylani.org\/wp-content\/uploads\/2021\/02\/geylani2-1024x683.jpg 1024w, https:\/\/geylani.org\/wp-content\/uploads\/2021\/02\/geylani2-300x200.jpg 300w, https:\/\/geylani.org\/wp-content\/uploads\/2021\/02\/geylani2-768x512.jpg 768w, https:\/\/geylani.org\/wp-content\/uploads\/2021\/02\/geylani2-1536x1024.jpg 1536w, https:\/\/geylani.org\/wp-content\/uploads\/2021\/02\/geylani2-2048x1365.jpg 2048w\" sizes=\"auto, (max-width: 1024px) 100vw, 1024px\" \/><\/figure>\n\n\n\n<p>\u0130slam alimlerinin ve velilerin b\u00fcy\u00fcklerinden Hz. Abdulkadir GEYLAN\u0130<br>H. 470 y\u0131l\u0131nda T\u00fcrkmenistan ile \u0130ran aras\u0131ndaki Geylan \u015fehrinde<br>do\u011fdu. K\u00fcnyesi Ebu Muhammed\u2019 dir. Muhyiddin, Gavsul Azam, Kutbi<br>Rabbani, Sultanul evliya, Bazul E\u015fheb ve \u015eeyh El-\u0130slam ve El-M\u00fcslimin gibi<br>lakaplar\u0131 vard\u0131r. Babas\u0131 Ebu Salih Musa Cengidost\u2019 tur. Peygamberimiz<br>(SAV) torunu Hz. Hasan\u0131n o\u011flu Hasan-\u0131 M\u00fcsenna\u2019 n\u0131n o\u011flu Abdullah<br>Mahd\u2019\u0131n soyundand\u0131r. Annesinin ad\u0131 Fatma, lakab\u0131 ummu El-Hayr olup<br>seyyidedir, babas\u0131 Seyyid Abdullah Savmai el H\u00fcseyni Hz. dir. Bu nedenle<br>Abdulkadir GEYLAN\u0130 Hz. hem seyyid hem \u015feriftir. Abdulkadir GEYLAN\u0130<br>Hz. Ba\u011fdat\u2019ta vefat etmi\u015ftir. T\u00fcrbesi Ba\u011fdat\u2019 tadir. Ve ziyarete a\u00e7\u0131kt\u0131r.<br>Abdulkadir GEYLAN\u0130 Hz. hakk\u0131nda \u015fu s\u00f6z me\u015fhur olmu\u015ftur. \u201c veliler sultan\u0131<br>Abdulkadir GEYLAN\u0130 a\u015fk ile do\u011fdu, kemal ile \u00f6m\u00fcr s\u00fcrd\u00fc ve kemal-\u0131 a\u015fk<br>ile rabbine vas\u0131l oldu\u201d Bana da ceddim Gavsul Azam Kutbul Aktap Sultanul<br>Evliya vel Arifin\u2019nin torunu olmam ilahi bir lutufdur. K\u00fc\u00e7\u00fckl\u00fc\u011f\u00fcmden<br>beri bu eserleri bulma arzum vard\u0131. Bu merak zamanla \u00e7\u0131\u011f gibi b\u00fcy\u00fcd\u00fc.<br>D\u00fcnyadaki hemen hemen b\u00fct\u00fcn k\u00fct\u00fcpaneleri dola\u015farak kay\u0131p eserlere<br>ula\u015ft\u0131k. Ceddimin eserlerini yeniden yay\u0131n hayat\u0131na kazand\u0131rmak benim<br>i\u00e7in ahirette en b\u00fcy\u00fck sermaye olacak. Rabbimin yard\u0131m\u0131 ile bir \u00e7ok esere<br>ula\u015ft\u0131k y\u0131llar s\u00fcren ara\u015ft\u0131rma ve tahkikten sonra on eserin arap\u00e7a bask\u0131lar\u0131<br>bitti. Geyalani tefsirinide T\u00fcrk\u00e7e bask\u0131s\u0131n\u0131 yay\u0131n hayat\u0131na kazand\u0131rd\u0131k.<br>\u0130nan\u0131yorum ki yine Rabbimin inayetiyle ile ulvi gayelerimize ula\u015faca\u011f\u0131z.<br>Lutuf Allah\u2019\u0131n dilemesiyle olur. Bize d\u00fc\u015fen hizmet etmektir.<br>Allah\u2019a emanet olun\u2026<\/p>\n\n\n\n<figure class=\"wp-block-image size-large is-style-default\"><img loading=\"lazy\" decoding=\"async\" width=\"640\" height=\"480\" src=\"https:\/\/geylani.org\/wp-content\/uploads\/2021\/02\/DSC04288.jpg\" alt=\"\" class=\"wp-image-92\" srcset=\"https:\/\/geylani.org\/wp-content\/uploads\/2021\/02\/DSC04288.jpg 640w, https:\/\/geylani.org\/wp-content\/uploads\/2021\/02\/DSC04288-300x225.jpg 300w\" sizes=\"auto, (max-width: 640px) 100vw, 640px\" \/><\/figure>\n","protected":false},"excerpt":{"rendered":"<p>\u0130slam alimlerinin ve velilerin b\u00fcy\u00fcklerinden Hz. Abdulkadir GEYLAN\u0130H. 470 y\u0131l\u0131nda T\u00fcrkmenistan ile \u0130ran aras\u0131ndaki Geylan \u015fehrindedo\u011fdu. K\u00fcnyesi Ebu Muhammed\u2019 dir. Muhyiddin, Gavsul Azam, KutbiRabbani, Sultanul evliya, Bazul E\u015fheb ve \u015eeyh El-\u0130slam ve El-M\u00fcslimin gibilakaplar\u0131 vard\u0131r. Babas\u0131 Ebu Salih Musa Cengidost\u2019 tur. Peygamberimiz(SAV) torunu Hz. Hasan\u0131n o\u011flu Hasan-\u0131 M\u00fcsenna\u2019 n\u0131n o\u011flu AbdullahMahd\u2019\u0131n soyundand\u0131r. Annesinin ad\u0131 Fatma, [&hellip;]<\/p>\n","protected":false},"author":1,"featured_media":0,"parent":0,"menu_order":0,"comment_status":"closed","ping_status":"closed","template":"","meta":{"footnotes":""},"class_list":["post-52","page","type-page","status-publish","hentry"],"_links":{"self":[{"href":"https:\/\/geylani.org\/index.php\/wp-json\/wp\/v2\/pages\/52","targetHints":{"allow":["GET"]}}],"collection":[{"href":"https:\/\/geylani.org\/index.php\/wp-json\/wp\/v2\/pages"}],"about":[{"href":"https:\/\/geylani.org\/index.php\/wp-json\/wp\/v2\/types\/page"}],"author":[{"embeddable":true,"href":"https:\/\/geylani.org\/index.php\/wp-json\/wp\/v2\/users\/1"}],"replies":[{"embeddable":true,"href":"https:\/\/geylani.org\/index.php\/wp-json\/wp\/v2\/comments?post=52"}],"version-history":[{"count":-2,"href":"https:\/\/geylani.org\/index.php\/wp-json\/wp\/v2\/pages\/52\/revisions"}],"wp:attachment":[{"href":"https:\/\/geylani.org\/index.php\/wp-json\/wp\/v2\/media?parent=52"}],"curies":[{"name":"wp","href":"https:\/\/api.w.org\/{rel}","templated":true}]}}