{"id":51,"date":"2021-02-16T16:51:12","date_gmt":"2021-02-16T13:51:12","guid":{"rendered":"http:\/\/geylani.org\/?page_id=51"},"modified":"2021-02-16T20:37:49","modified_gmt":"2021-02-16T17:37:49","slug":"geylani-ailesi","status":"publish","type":"page","link":"https:\/\/geylani.org\/index.php\/geylani-ailesi\/","title":{"rendered":"Geylani Ailesi"},"content":{"rendered":"\n<div class=\"wp-block-image\"><figure class=\"aligncenter size-medium is-resized\"><img loading=\"lazy\" decoding=\"async\" src=\"https:\/\/geylani.org\/wp-content\/uploads\/2021\/02\/DSC03475-217x300.jpg\" alt=\"\" class=\"wp-image-136\" width=\"217\" height=\"300\" srcset=\"https:\/\/geylani.org\/wp-content\/uploads\/2021\/02\/DSC03475-217x300.jpg 217w, https:\/\/geylani.org\/wp-content\/uploads\/2021\/02\/DSC03475-739x1024.jpg 739w, https:\/\/geylani.org\/wp-content\/uploads\/2021\/02\/DSC03475-768x1064.jpg 768w, https:\/\/geylani.org\/wp-content\/uploads\/2021\/02\/DSC03475-1109x1536.jpg 1109w, https:\/\/geylani.org\/wp-content\/uploads\/2021\/02\/DSC03475-1479x2048.jpg 1479w, https:\/\/geylani.org\/wp-content\/uploads\/2021\/02\/DSC03475.jpg 1535w\" sizes=\"auto, (max-width: 217px) 100vw, 217px\" \/><figcaption>\u015eEYH SEYY\u0130D MUHAMMED<br>SIDDIK GEYLAN\u0130 (KS)<br><\/figcaption><\/figure><\/div>\n\n\n\n<div class=\"wp-block-image\"><figure class=\"aligncenter size-medium\"><img loading=\"lazy\" decoding=\"async\" width=\"217\" height=\"300\" src=\"https:\/\/geylani.org\/wp-content\/uploads\/2021\/02\/sdsda-217x300.jpg\" alt=\"\" class=\"wp-image-137\" srcset=\"https:\/\/geylani.org\/wp-content\/uploads\/2021\/02\/sdsda-217x300.jpg 217w, https:\/\/geylani.org\/wp-content\/uploads\/2021\/02\/sdsda-739x1024.jpg 739w, https:\/\/geylani.org\/wp-content\/uploads\/2021\/02\/sdsda-768x1064.jpg 768w, https:\/\/geylani.org\/wp-content\/uploads\/2021\/02\/sdsda-1109x1536.jpg 1109w, https:\/\/geylani.org\/wp-content\/uploads\/2021\/02\/sdsda-1479x2048.jpg 1479w, https:\/\/geylani.org\/wp-content\/uploads\/2021\/02\/sdsda.jpg 1535w\" sizes=\"auto, (max-width: 217px) 100vw, 217px\" \/><figcaption>\u015eEYH SEYY\u0130D MUHAMMED<br>FA\u0130K GEYLAN\u0130 (KS)<br><\/figcaption><\/figure><\/div>\n\n\n\n<div class=\"wp-block-image\"><figure class=\"aligncenter size-medium\"><img loading=\"lazy\" decoding=\"async\" width=\"217\" height=\"300\" src=\"https:\/\/geylani.org\/wp-content\/uploads\/2021\/02\/dsf-217x300.jpg\" alt=\"\" class=\"wp-image-138\" srcset=\"https:\/\/geylani.org\/wp-content\/uploads\/2021\/02\/dsf-217x300.jpg 217w, https:\/\/geylani.org\/wp-content\/uploads\/2021\/02\/dsf-739x1024.jpg 739w, https:\/\/geylani.org\/wp-content\/uploads\/2021\/02\/dsf-768x1064.jpg 768w, https:\/\/geylani.org\/wp-content\/uploads\/2021\/02\/dsf-1109x1536.jpg 1109w, https:\/\/geylani.org\/wp-content\/uploads\/2021\/02\/dsf-1479x2048.jpg 1479w, https:\/\/geylani.org\/wp-content\/uploads\/2021\/02\/dsf.jpg 1535w\" sizes=\"auto, (max-width: 217px) 100vw, 217px\" \/><figcaption>SEYY\u0130D \u015eER\u0130F MUHAMMED<br>FADIL CEYLAN\u0130<br><\/figcaption><\/figure><\/div>\n\n\n\n<p><\/p>\n\n\n\n<p>Sel\u00e7uklu topraklar\u0131 olan Ba\u011fdat\u2019tan Suriyenin Hama \u015fehrine ordan da Erzen \u015fehrine \u015fuan ki Kurtalan\u0131n Yunuslar C\u0131mzark k\u00f6ylerinin toraklar\u0131na ve Garzan nehrinin kenar\u0131na gelmi\u015flerdir. Hicri 600 ile 700 y\u0131llar\u0131 aras\u0131nda Seyyid Abdulkadir Geylani(k.s) Hazret\u2019lerinin 4.nesil torun\u2019lar\u0131ndan Seyyid Ahmed Zahiruddin el Kadiri el Geylani Hazret\u2019leri Ba\u011fdat\u2019tan Suriye\u2019nin Hama \u015fehrine hicret etti. Hama \u015fehri merkezinde Asi nehri \u00fczerinde Medrese El Kadiriyye (k\u00fclliye) ile zaviye in\u015fa etti. Bu k\u00fclliye 1980 y\u0131l\u0131na<br>kadar ta\u015f yap\u0131l\u0131 Sel\u00e7uklu mimarisiydi. 1980\u2018li y\u0131llarda meydana gelen Hama<br>hadisesinde, maalesef bu g\u00fczel eser yerle bir edildi. Bu g\u00fczel eseri \u015fuanda sadece foto\u011fraflarda g\u00f6rebilmekteyiz. Seyyid Ahmed Zahiruddin Hazret\u2019lerine ait bir\u00e7ok eser oldu\u011fu yap\u0131lan ara\u015ft\u0131rmalar sonucunda ortaya \u00e7\u0131km\u0131\u015f olup fakat \u015fuana kadar sadece bir esrine ula\u015f\u0131lm\u0131\u015ft\u0131r. Seyyid Ahmed Zahiruddin Hazret\u2019leri o\u011fullar\u0131ndan Seyfunddin Yahya\u2019 y\u0131 k\u00fclliyenin ba\u015f\u0131na ge\u00e7irerek , Hama\u2019dan Garzan (Siirt kurtlan) b\u00f6lgesindeki Garzan nehri \u00fczerinde bulunan Erzen \u015fehrine hicret etti. Burada da bir k\u00fclliye in\u015fa etti. Bu medrese sayesinde Seyyid Ahmed Zahiruddin Hazret\u2019lerinin derslerini<br>dinleyen, \u015fehir merkezinde ve b\u00f6lge genelinde ya\u015fayan gayri m\u00fcslim gen\u00e7ler \u00e7o\u011fulcu gruplar halinde s\u00fcratle \u0130slam dinini kabul ettiler. Seyyid Ahmed Zahiruddin Hazret\u2019leri burada bir m\u00fcddet sonra \u015fehid edildi. \u015eehadetinin sebebi ise gayri m\u00fcslim gen\u00e7lerin Seyyid Ahmed Zahiruddin Hazret\u2019lerinin derslerine i\u015ftirak edip m\u00fcsl\u00fcman olmalar\u0131n\u0131n \u00f6n\u00fcn\u00fc kesemeyen ve bu durumu hazmedemeyen gayri m\u00fcslim din adamlar\u0131, Seyyid Ahmed Zahiruddin Hazret\u2019lerini \u015fehit ettiler. \u015eehid edildikten sonra kuyuya at\u0131ld\u0131. \u015euanda Erzen \u015fehrinin Girde\u015fine yakin bir yerde kuyu yeri bilinmektedir. Ve halk aras\u0131nda \u015eeyh Ahmed kuyusu olarak bilinmektedir. Daha sonra cenazesi M\u00fcsl\u00fcmalar taraf\u0131ndan kuyudan \u00e7\u0131kar\u0131larak nehrin \u00f6b\u00fcr yakas\u0131nda bulunan Biriki Mevkiinde defnedildi. Seyyid Ahmed Zahiruddin Hazret\u2019lerinden sonra gelen o\u011flu, Seyyid Ali Geylani Hazret\u2019leri onun yan\u0131na defnedildi. Fakat halk aras\u0131nda Seyyid Ali Biriki ad\u0131 ile  me\u015fhurdur. B\u00f6lge ise Birika Seyyid Ali ismi ile me\u015fhurdur. Seyyid Ali\u2019nin o\u011flu olan Seyyid Hasan Teylan k\u00f6y\u00fcne gelip oray\u0131 maamur (in\u015fa) etmi\u015ftir.<br>Seyyid Hasan Hazretleri \u015eeceresi Seyyid Hasan Bin Seyyid Ali Geylani el<br>Kadiri Bin Seyyid Ahmed Zahiruddin Geylani el Kadiri Bin Seyyid  Muhammed Geylani el Kadiri Bin Kad\u0131 El Kuddat Seyyid Nas\u0131r Geylani el Kadiri Bin Seyyid Abdurrezak Geylani el Kadiri Bin Seyyid Sultan El Evliya Vel Arifin E\u015f \u015eerif Es Seyyid ABD\u00dcLKAD\u0130R CEYLAN\u0130 Hazret\u2019leri<\/p>\n","protected":false},"excerpt":{"rendered":"<p>Sel\u00e7uklu topraklar\u0131 olan Ba\u011fdat\u2019tan Suriyenin Hama \u015fehrine ordan da Erzen \u015fehrine \u015fuan ki Kurtalan\u0131n Yunuslar C\u0131mzark k\u00f6ylerinin toraklar\u0131na ve Garzan nehrinin kenar\u0131na gelmi\u015flerdir. Hicri 600 ile 700 y\u0131llar\u0131 aras\u0131nda Seyyid Abdulkadir Geylani(k.s) Hazret\u2019lerinin 4.nesil torun\u2019lar\u0131ndan Seyyid Ahmed Zahiruddin el Kadiri el Geylani Hazret\u2019leri Ba\u011fdat\u2019tan Suriye\u2019nin Hama \u015fehrine hicret etti. Hama \u015fehri merkezinde Asi nehri \u00fczerinde [&hellip;]<\/p>\n","protected":false},"author":1,"featured_media":0,"parent":0,"menu_order":0,"comment_status":"closed","ping_status":"closed","template":"","meta":{"footnotes":""},"class_list":["post-51","page","type-page","status-publish","hentry"],"_links":{"self":[{"href":"https:\/\/geylani.org\/index.php\/wp-json\/wp\/v2\/pages\/51","targetHints":{"allow":["GET"]}}],"collection":[{"href":"https:\/\/geylani.org\/index.php\/wp-json\/wp\/v2\/pages"}],"about":[{"href":"https:\/\/geylani.org\/index.php\/wp-json\/wp\/v2\/types\/page"}],"author":[{"embeddable":true,"href":"https:\/\/geylani.org\/index.php\/wp-json\/wp\/v2\/users\/1"}],"replies":[{"embeddable":true,"href":"https:\/\/geylani.org\/index.php\/wp-json\/wp\/v2\/comments?post=51"}],"version-history":[{"count":-3,"href":"https:\/\/geylani.org\/index.php\/wp-json\/wp\/v2\/pages\/51\/revisions"}],"wp:attachment":[{"href":"https:\/\/geylani.org\/index.php\/wp-json\/wp\/v2\/media?parent=51"}],"curies":[{"name":"wp","href":"https:\/\/api.w.org\/{rel}","templated":true}]}}